{"id":519,"date":"2018-03-30T12:17:57","date_gmt":"2018-03-30T10:17:57","guid":{"rendered":"https:\/\/www.espacebielbienne.ch\/page-daccueil\/"},"modified":"2023-10-03T19:43:35","modified_gmt":"2023-10-03T17:43:35","slug":"page-daccueil","status":"publish","type":"page","link":"https:\/\/www.espacebielbienne.ch\/fr\/","title":{"rendered":"Page d&#8217;Accueil"},"content":{"rendered":"<div id='full_slider_1'  class='avia-fullwidth-slider main_color avia-shadow av-small-hide av-mini-hide  avia-builder-el-0  el_before_av_slideshow_full  avia-builder-el-first   container_wrap fullsize'  ><div  class='avia-slideshow av-jhqacoyk-bab2745f2312cd9b67d5b44c6dc107d6 avia-slideshow-featured av_slideshow_full avia-slide-slider av-small-hide av-mini-hide av-slideshow-ui av-control-hidden av-no-slider-navigation av-hide-nav-arrows av-slideshow-manual av-loop-once av-loop-manual-endless av-default-height-applied   avia-slideshow-1' data-slideshow-options=\"{&quot;animation&quot;:&quot;slide&quot;,&quot;autoplay&quot;:false,&quot;loop_autoplay&quot;:&quot;once&quot;,&quot;interval&quot;:5,&quot;loop_manual&quot;:&quot;manual-endless&quot;,&quot;autoplay_stopper&quot;:false,&quot;noNavigation&quot;:true,&quot;bg_slider&quot;:false,&quot;keep_padding&quot;:false,&quot;hoverpause&quot;:false,&quot;show_slide_delay&quot;:0}\"  itemprop=\"image\" itemscope=\"itemscope\" itemtype=\"https:\/\/schema.org\/ImageObject\" ><ul class='avia-slideshow-inner ' style='padding-bottom: 28.666666666667%;'><li  data-controls='aviaTBaviaTBvideo_controls' data-mute='aviaTBaviaTBvideo_mute' data-loop='aviaTBaviaTBvideo_loop' data-disable-autoplay=''  data-mobile-img='https:\/\/www.espacebielbienne.ch\/wp-content\/uploads\/slider_video_stillImage.jpg' data-fallback-link='http:\/\/' data-video-ratio='3.4883720930233' class='avia-slideshow-slide av-jhqacoyk-bab2745f2312cd9b67d5b44c6dc107d6__0  av-video-slide  av-video-service-html5  av-hide-video-controls av-mute-video av-loop-video av-mobile-fallback-image  av-single-slide slide-1 slide-odd'><div data-rel='slideshow-1' class='avia-slide-wrap ' style='background-image:url(\"https:\/\/www.espacebielbienne.ch\/wp-content\/uploads\/slider_video_stillImage.jpg\");'   itemprop=\"video\" itemtype=\"https:\/\/schema.org\/VideoObject\" ><div class='av-click-overlay'><\/div><video class=\"avia_video\" https:\/\/www.espacebielbienne.ch\/wp-content\/uploads\/slider_video_stillImage.jpg autoplay=\"autoplay\" loop=\"loop\" preload=\"metadata\"  muted id=\"player_519_527534481_402103158\" >\t<source src=\"https:\/\/www.espacebielbienne.ch\/wp-content\/uploads\/Espace_Slideshow.mp4\" type=\"video\/mp4\" \/><\/video><div class=\"av-click-to-play-overlay\"><div class=\"avia_playpause_icon\"><\/div><\/div><\/div><\/li><\/ul><\/div><\/div>\n<div id='full_slider_2'  class='avia-fullwidth-slider main_color avia-shadow av-desktop-hide av-medium-hide  avia-builder-el-1  el_after_av_slideshow_full  el_before_av_one_third   slider-not-first container_wrap fullsize'  ><div  class='avia-slideshow av-1alw8-d3c40b96a0b318b9d5532d146612c2d9 avia-slideshow-featured av_slideshow_full avia-fade-slider av-desktop-hide av-medium-hide av-slideshow-ui av-control-hidden av-no-slider-navigation av-hide-nav-arrows av-slideshow-autoplay av-loop-endless av-loop-manual-endless av-default-height-applied   avia-slideshow-2' data-slideshow-options=\"{&quot;animation&quot;:&quot;fade&quot;,&quot;autoplay&quot;:true,&quot;loop_autoplay&quot;:&quot;endless&quot;,&quot;interval&quot;:5,&quot;loop_manual&quot;:&quot;manual-endless&quot;,&quot;autoplay_stopper&quot;:false,&quot;noNavigation&quot;:true,&quot;bg_slider&quot;:false,&quot;keep_padding&quot;:false,&quot;hoverpause&quot;:false,&quot;show_slide_delay&quot;:0}\"  itemprop=\"image\" itemscope=\"itemscope\" itemtype=\"https:\/\/schema.org\/ImageObject\" ><ul class='avia-slideshow-inner ' style='padding-bottom: 28.666666666667%;'><li  class='avia-slideshow-slide av-1alw8-d3c40b96a0b318b9d5532d146612c2d9__0  slide-1 slide-odd'><div data-rel='slideshow-2' class='avia-slide-wrap '   ><img decoding=\"async\" fetchpriority=\"high\" class=\"wp-image-1088 avia-img-lazy-loading-not-1088\"  src=\"https:\/\/www.espacebielbienne.ch\/wp-content\/uploads\/Slider01.jpg\" width=\"1500\" height=\"430\" title='Slider01' alt=''  itemprop=\"thumbnailUrl\" srcset=\"https:\/\/www.espacebielbienne.ch\/wp-content\/uploads\/Slider01.jpg 1500w, https:\/\/www.espacebielbienne.ch\/wp-content\/uploads\/Slider01-400x115.jpg 400w, https:\/\/www.espacebielbienne.ch\/wp-content\/uploads\/Slider01-768x220.jpg 768w, https:\/\/www.espacebielbienne.ch\/wp-content\/uploads\/Slider01-900x258.jpg 900w, https:\/\/www.espacebielbienne.ch\/wp-content\/uploads\/Slider01-60x17.jpg 60w, https:\/\/www.espacebielbienne.ch\/wp-content\/uploads\/Slider01-705x202.jpg 705w, https:\/\/www.espacebielbienne.ch\/wp-content\/uploads\/Slider01-450x129.jpg 450w, https:\/\/www.espacebielbienne.ch\/wp-content\/uploads\/Slider01-45x13.jpg 45w\" sizes=\"(max-width: 1500px) 100vw, 1500px\" \/><\/div><\/li><li  class='avia-slideshow-slide av-1alw8-d3c40b96a0b318b9d5532d146612c2d9__1  slide-2 slide-even'><div data-rel='slideshow-2' class='avia-slide-wrap '   ><img decoding=\"async\" fetchpriority=\"high\" class=\"wp-image-1090 avia-img-lazy-loading-not-1090\"  src=\"https:\/\/www.espacebielbienne.ch\/wp-content\/uploads\/Slider02.jpg\" width=\"1500\" height=\"430\" title='Slider02' alt=''  itemprop=\"thumbnailUrl\" srcset=\"https:\/\/www.espacebielbienne.ch\/wp-content\/uploads\/Slider02.jpg 1500w, https:\/\/www.espacebielbienne.ch\/wp-content\/uploads\/Slider02-400x115.jpg 400w, https:\/\/www.espacebielbienne.ch\/wp-content\/uploads\/Slider02-768x220.jpg 768w, https:\/\/www.espacebielbienne.ch\/wp-content\/uploads\/Slider02-900x258.jpg 900w, https:\/\/www.espacebielbienne.ch\/wp-content\/uploads\/Slider02-60x17.jpg 60w, https:\/\/www.espacebielbienne.ch\/wp-content\/uploads\/Slider02-705x202.jpg 705w, https:\/\/www.espacebielbienne.ch\/wp-content\/uploads\/Slider02-450x129.jpg 450w, https:\/\/www.espacebielbienne.ch\/wp-content\/uploads\/Slider02-45x13.jpg 45w\" sizes=\"(max-width: 1500px) 100vw, 1500px\" \/><\/div><\/li><li  class='avia-slideshow-slide av-1alw8-d3c40b96a0b318b9d5532d146612c2d9__2  slide-3 slide-odd'><div data-rel='slideshow-2' class='avia-slide-wrap '   ><img decoding=\"async\" fetchpriority=\"high\" class=\"wp-image-1092 avia-img-lazy-loading-not-1092\"  src=\"https:\/\/www.espacebielbienne.ch\/wp-content\/uploads\/Slider03.jpg\" width=\"1500\" height=\"430\" title='Slider03' alt=''  itemprop=\"thumbnailUrl\" srcset=\"https:\/\/www.espacebielbienne.ch\/wp-content\/uploads\/Slider03.jpg 1500w, https:\/\/www.espacebielbienne.ch\/wp-content\/uploads\/Slider03-400x115.jpg 400w, https:\/\/www.espacebielbienne.ch\/wp-content\/uploads\/Slider03-768x220.jpg 768w, https:\/\/www.espacebielbienne.ch\/wp-content\/uploads\/Slider03-900x258.jpg 900w, https:\/\/www.espacebielbienne.ch\/wp-content\/uploads\/Slider03-60x17.jpg 60w, https:\/\/www.espacebielbienne.ch\/wp-content\/uploads\/Slider03-705x202.jpg 705w, https:\/\/www.espacebielbienne.ch\/wp-content\/uploads\/Slider03-450x129.jpg 450w, https:\/\/www.espacebielbienne.ch\/wp-content\/uploads\/Slider03-45x13.jpg 45w\" sizes=\"(max-width: 1500px) 100vw, 1500px\" \/><\/div><\/li><li  class='avia-slideshow-slide av-1alw8-d3c40b96a0b318b9d5532d146612c2d9__3  slide-4 slide-even'><div data-rel='slideshow-2' class='avia-slide-wrap '   ><img decoding=\"async\" fetchpriority=\"high\" class=\"wp-image-1094 avia-img-lazy-loading-not-1094\"  src=\"https:\/\/www.espacebielbienne.ch\/wp-content\/uploads\/Slider04.jpg\" width=\"1500\" height=\"430\" title='Slider04' alt=''  itemprop=\"thumbnailUrl\" srcset=\"https:\/\/www.espacebielbienne.ch\/wp-content\/uploads\/Slider04.jpg 1500w, https:\/\/www.espacebielbienne.ch\/wp-content\/uploads\/Slider04-400x115.jpg 400w, https:\/\/www.espacebielbienne.ch\/wp-content\/uploads\/Slider04-768x220.jpg 768w, https:\/\/www.espacebielbienne.ch\/wp-content\/uploads\/Slider04-900x258.jpg 900w, https:\/\/www.espacebielbienne.ch\/wp-content\/uploads\/Slider04-60x17.jpg 60w, https:\/\/www.espacebielbienne.ch\/wp-content\/uploads\/Slider04-705x202.jpg 705w, https:\/\/www.espacebielbienne.ch\/wp-content\/uploads\/Slider04-450x129.jpg 450w, https:\/\/www.espacebielbienne.ch\/wp-content\/uploads\/Slider04-45x13.jpg 45w\" sizes=\"(max-width: 1500px) 100vw, 1500px\" \/><\/div><\/li><li  class='avia-slideshow-slide av-1alw8-d3c40b96a0b318b9d5532d146612c2d9__4  slide-5 slide-odd'><div data-rel='slideshow-2' class='avia-slide-wrap '   ><img decoding=\"async\" fetchpriority=\"high\" class=\"wp-image-1096 avia-img-lazy-loading-not-1096\"  src=\"https:\/\/www.espacebielbienne.ch\/wp-content\/uploads\/Slider05.jpg\" width=\"1500\" height=\"430\" title='Slider05' alt=''  itemprop=\"thumbnailUrl\" srcset=\"https:\/\/www.espacebielbienne.ch\/wp-content\/uploads\/Slider05.jpg 1500w, https:\/\/www.espacebielbienne.ch\/wp-content\/uploads\/Slider05-400x115.jpg 400w, https:\/\/www.espacebielbienne.ch\/wp-content\/uploads\/Slider05-768x220.jpg 768w, https:\/\/www.espacebielbienne.ch\/wp-content\/uploads\/Slider05-900x258.jpg 900w, https:\/\/www.espacebielbienne.ch\/wp-content\/uploads\/Slider05-60x17.jpg 60w, https:\/\/www.espacebielbienne.ch\/wp-content\/uploads\/Slider05-705x202.jpg 705w, https:\/\/www.espacebielbienne.ch\/wp-content\/uploads\/Slider05-450x129.jpg 450w, https:\/\/www.espacebielbienne.ch\/wp-content\/uploads\/Slider05-45x13.jpg 45w\" sizes=\"(max-width: 1500px) 100vw, 1500px\" \/><\/div><\/li><li  class='avia-slideshow-slide av-1alw8-d3c40b96a0b318b9d5532d146612c2d9__5  slide-6 slide-even'><div data-rel='slideshow-2' class='avia-slide-wrap '   ><img decoding=\"async\" fetchpriority=\"high\" class=\"wp-image-1098 avia-img-lazy-loading-not-1098\"  src=\"https:\/\/www.espacebielbienne.ch\/wp-content\/uploads\/Slider06.jpg\" width=\"1500\" height=\"430\" title='Slider06' alt=''  itemprop=\"thumbnailUrl\" srcset=\"https:\/\/www.espacebielbienne.ch\/wp-content\/uploads\/Slider06.jpg 1500w, https:\/\/www.espacebielbienne.ch\/wp-content\/uploads\/Slider06-400x115.jpg 400w, https:\/\/www.espacebielbienne.ch\/wp-content\/uploads\/Slider06-768x220.jpg 768w, https:\/\/www.espacebielbienne.ch\/wp-content\/uploads\/Slider06-900x258.jpg 900w, https:\/\/www.espacebielbienne.ch\/wp-content\/uploads\/Slider06-60x17.jpg 60w, https:\/\/www.espacebielbienne.ch\/wp-content\/uploads\/Slider06-705x202.jpg 705w, https:\/\/www.espacebielbienne.ch\/wp-content\/uploads\/Slider06-450x129.jpg 450w, https:\/\/www.espacebielbienne.ch\/wp-content\/uploads\/Slider06-45x13.jpg 45w\" sizes=\"(max-width: 1500px) 100vw, 1500px\" \/><\/div><\/li><li  class='avia-slideshow-slide av-1alw8-d3c40b96a0b318b9d5532d146612c2d9__6  slide-7 slide-odd'><div data-rel='slideshow-2' class='avia-slide-wrap '   ><img decoding=\"async\" fetchpriority=\"high\" class=\"wp-image-1100 avia-img-lazy-loading-not-1100\"  src=\"https:\/\/www.espacebielbienne.ch\/wp-content\/uploads\/Slider07.jpg\" width=\"1500\" height=\"430\" title='Slider07' alt=''  itemprop=\"thumbnailUrl\" srcset=\"https:\/\/www.espacebielbienne.ch\/wp-content\/uploads\/Slider07.jpg 1500w, https:\/\/www.espacebielbienne.ch\/wp-content\/uploads\/Slider07-400x115.jpg 400w, https:\/\/www.espacebielbienne.ch\/wp-content\/uploads\/Slider07-768x220.jpg 768w, https:\/\/www.espacebielbienne.ch\/wp-content\/uploads\/Slider07-900x258.jpg 900w, https:\/\/www.espacebielbienne.ch\/wp-content\/uploads\/Slider07-60x17.jpg 60w, https:\/\/www.espacebielbienne.ch\/wp-content\/uploads\/Slider07-705x202.jpg 705w, https:\/\/www.espacebielbienne.ch\/wp-content\/uploads\/Slider07-450x129.jpg 450w, https:\/\/www.espacebielbienne.ch\/wp-content\/uploads\/Slider07-45x13.jpg 45w\" sizes=\"(max-width: 1500px) 100vw, 1500px\" \/><\/div><\/li><\/ul><div class='avia-slideshow-arrows avia-slideshow-controls' ><a href='#prev' class='prev-slide ' aria-hidden='true' data-av_icon='\ue87c' data-av_iconfont='entypo-fontello'  tabindex='-1'>Pr\u00e9c\u00e9dent<\/a><a href='#next' class='next-slide ' aria-hidden='true' data-av_icon='\ue87d' data-av_iconfont='entypo-fontello'  tabindex='-1'>Suivant<\/a><\/div><\/div><\/div><div id='after_full_slider_2'  class='main_color av_default_container_wrap container_wrap fullsize'  ><div class='container av-section-cont-open' ><div class='template-page content  av-content-full alpha units'><div class='post-entry post-entry-type-page post-entry-519'><div class='entry-content-wrapper clearfix'>\n\n<style type=\"text\/css\" data-created_by=\"avia_inline_auto\" id=\"style-css-av-s9ws-db5ad4cffc3119c37e23ffaf2214f0c3\">\n.flex_column.av-s9ws-db5ad4cffc3119c37e23ffaf2214f0c3{\nborder-radius:0px 0px 0px 0px;\npadding:0px 0px 0px 0px;\n}\n<\/style>\n<div  class='flex_column av-s9ws-db5ad4cffc3119c37e23ffaf2214f0c3 av_one_third  avia-builder-el-2  el_after_av_slideshow_full  el_before_av_one_third  avia-builder-el-first  first flex_column_div av-zero-column-padding  '     ><section  class='av_textblock_section av-q9o8-d02abe4fbe6f3e021637d77850f2f82c '   itemscope=\"itemscope\" itemtype=\"https:\/\/schema.org\/CreativeWork\" ><div class='avia_textblock'  itemprop=\"text\" ><h3>Actuel<\/h3>\n<\/div><\/section><br \/>\n\n<style type=\"text\/css\" data-created_by=\"avia_inline_auto\" id=\"style-css-av-p0rk-259a107bc774499efb57900ffcd4ce24\">\n.avia-image-container.av-p0rk-259a107bc774499efb57900ffcd4ce24 img.avia_image{\nbox-shadow:none;\n}\n.avia-image-container.av-p0rk-259a107bc774499efb57900ffcd4ce24 .av-image-caption-overlay-center{\ncolor:#ffffff;\n}\n<\/style>\n<div  class='avia-image-container av-p0rk-259a107bc774499efb57900ffcd4ce24 av-styling- avia-align-  avia-builder-el-4  el_after_av_textblock  el_before_av_textblock '   itemprop=\"image\" itemscope=\"itemscope\" itemtype=\"https:\/\/schema.org\/ImageObject\" ><div class=\"avia-image-container-inner\"><div class=\"avia-image-overlay-wrap\"><img decoding=\"async\" fetchpriority=\"high\" class='wp-image-1118 avia-img-lazy-loading-not-1118 avia_image ' src=\"https:\/\/www.espacebielbienne.ch\/wp-content\/uploads\/Espace_Aktuell.jpg\" alt='' title='Espace_Aktuell'  height=\"600\" width=\"900\"  itemprop=\"thumbnailUrl\" srcset=\"https:\/\/www.espacebielbienne.ch\/wp-content\/uploads\/Espace_Aktuell.jpg 900w, https:\/\/www.espacebielbienne.ch\/wp-content\/uploads\/Espace_Aktuell-400x267.jpg 400w, https:\/\/www.espacebielbienne.ch\/wp-content\/uploads\/Espace_Aktuell-768x512.jpg 768w, https:\/\/www.espacebielbienne.ch\/wp-content\/uploads\/Espace_Aktuell-60x40.jpg 60w, https:\/\/www.espacebielbienne.ch\/wp-content\/uploads\/Espace_Aktuell-705x470.jpg 705w, https:\/\/www.espacebielbienne.ch\/wp-content\/uploads\/Espace_Aktuell-450x300.jpg 450w, https:\/\/www.espacebielbienne.ch\/wp-content\/uploads\/Espace_Aktuell-45x30.jpg 45w\" sizes=\"(max-width: 900px) 100vw, 900px\" \/><\/div><\/div><\/div><br \/>\n<section  class='av_textblock_section av-m76w-57fe7d61b932aa1031ea3dc2d9c5131b '   itemscope=\"itemscope\" itemtype=\"https:\/\/schema.org\/CreativeWork\" ><div class='avia_textblock'  itemprop=\"text\" ><div class=\"news-list\"><div class=\"news-list-item\"><strong>Horaires de consultation<\/strong><br \/> <span class=\"excerpt-dash\">-<\/span> <span class=\"excerpt\">Dr. med. Anke Schertel Lundi 09:00-16:00, Jeudi 08:00-17:00, Vendredi 08:00-16:00 Dr. med. Caolin M\u00fcller (ab M\u00e4rz 2025) Mercredi 08:00-17:00 Dr. med. Lukas Graf lundi 07:30-17:00, mardi 07.30-17:00, mercredi 07:30-12:00, jeudi 07:30-17:00, vendredi 07:30-12:00 Dr. med. Urs Aebi Lundi 07:30-17:00, Mardi 07.30-17:00, Mercredi 07:30-17:00<\/span> <a href=\"\/fr\/cabinet\/#actuel\">plus d'infos<\/a><\/div><div class=\"news-list-item\"><strong>Renforcement de l&#8217;\u00e9quipe m\u00e9dicale par Madame Dr. med Carolin M\u00fcller<\/strong><br \/> <span class=\"excerpt-dash\">-<\/span> <span class=\"excerpt\">\u00c0 partir de mars 2025, notre \u00e9quipe sera renforc\u00e9e par Madame Dr Carolin M\u00fcller. Madame M\u00fcller a une longue exp\u00e9rience en pneumologie et a travaill\u00e9 derni\u00e8rement comme chef de clinique \u00e0 l&#8217;h\u00f4pital de l&#8217;\u00cele. Elle excelle dans toutes les sp\u00e9cialit\u00e9s pneumologiques et propose l&#8217;ensemble du spectre de la m\u00e9decine pulmonaire et du sommeil. Nous sommes [&hellip;]<\/span> <a href=\"\/fr\/cabinet\/#actuel\">plus d'infos<\/a><\/div><div class=\"news-list-item\"><strong>Absences\/vacances 2025<\/strong><br \/> <span class=\"excerpt-dash\">-<\/span> <span class=\"excerpt\">Le cabinet est ferm\u00e9 pour cause de vacances ou de formation continue comme suit : Vacances printemps 05.-21.04.2025 Congr\u00e8s de pneumologie 15.05.-16.05.2025 Vacances d&#8217;\u00e9t\u00e9 26.07.-10.08.2025 Vacances d&#8217;automne 20.09.-05.10.2025 Congr\u00e8s de pneumologie 14.11.2024<\/span> <a href=\"\/fr\/cabinet\/#actuel\">plus d'infos<\/a><\/div><div class=\"news-list-item\"><strong>Renforcement de l&#8217;\u00e9quipe m\u00e9dicale par Madame Dr. med. Anke Schertel<\/strong><br \/> <span class=\"excerpt-dash\">-<\/span> <span class=\"excerpt\">\u00c0 partir d&#8217;avril 2023, notre \u00e9quipe sera renforc\u00e9e par Madame Dr. med. Anke Schertel. Madame Schertel a une longue exp\u00e9rience en pneumologie et \u00e9tait derni\u00e8rement chef de clinique \u00e0 l&#8217;H\u00f4pital de l&#8217;\u00cele. Elle excelle dans toutes les sp\u00e9cialit\u00e9s pneumologiques et propose tout le spectre de la m\u00e9decine pulmonaire et du sommeil, y compris le diagnostic [&hellip;]<\/span> <a href=\"\/fr\/cabinet\/#actuel\">plus d'infos<\/a><\/div><div class=\"news-list-item\"><strong>Masques respiratoires<\/strong><br \/> <span class=\"excerpt-dash\">-<\/span> <span class=\"excerpt\">Nous recommandons aux patients \u00e0 haut risque de porter des masques respiratoires en public, surtout si la distance de s\u00e9curit\u00e9 ne peut \u00eatre maintenue. Des respirateurs de haute qualit\u00e9 (FFP-2\/KN95) peuvent \u00eatre obtenus aupr\u00e8s d&#8217;Espace Lungen- und Schlafmedizin. Pour toute information, veuillez nous appeler ou passer nous voir.<\/span> <a href=\"\/fr\/cabinet\/#actuel\">plus d'infos<\/a><\/div><div class=\"news-list-item\"><strong>Pand\u00e9mie de coronavirus<\/strong><br \/> <span class=\"excerpt-dash\">-<\/span> <span class=\"excerpt\">M\u00eame pendant la pand\u00e9mie actuelle de coronavirus, nous vous prenons en charge en tant que patient. Depuis le 27.04.2020, nous avons \u00e0 nouveau des heures de consultation normales et nous effectuons toutes les clarifications.<\/span> <a href=\"\/fr\/cabinet\/#actuel\">plus d'infos<\/a><\/div><div class=\"news-list-item\"><strong>Ouverture du cabinet<\/strong><br \/> <span class=\"excerpt-dash\">-<\/span> <span class=\"excerpt\">Ouverture de la nouvelle pratique conjointe<\/span> <a href=\"\/fr\/cabinet\/#actuel\">plus d'infos<\/a><\/div><div class=\"news-list-item\"><strong>Open Doors<\/strong><br \/> <span class=\"excerpt-dash\">-<\/span> <span class=\"excerpt\">Ap\u00e9ritif d'ouverture pour les m\u00e9decins, la famille et les amis<\/span> <a href=\"\/fr\/cabinet\/#actuel\">plus d'infos<\/a><\/div><div class=\"news-list-item\"><strong>Heures d`ouverture<\/strong><br \/> <span class=\"excerpt-dash\">-<\/span> <span class=\"excerpt\">Heures de consultation<\/span> <a href=\"\/fr\/cabinet\/#actuel\">plus d'infos<\/a><\/div><div class=\"news-list-item\"><strong>La cabinet sera ferm\u00e9<\/strong><br \/> <span class=\"excerpt-dash\">-<\/span> <span class=\"excerpt\">La Pratique sera ferm\u00e9 \u00e0 la suite:<\/span> <a href=\"\/fr\/cabinet\/#actuel\">plus d'infos<\/a><\/div><\/div>\n<\/div><\/section><\/p><\/div>\n\n<style type=\"text\/css\" data-created_by=\"avia_inline_auto\" id=\"style-css-av-kj4e-6aaf983caec5ebff8086527dc779b981\">\n.flex_column.av-kj4e-6aaf983caec5ebff8086527dc779b981{\nborder-radius:0px 0px 0px 0px;\npadding:0px 0px 0px 0px;\n}\n<\/style>\n<div  class='flex_column av-kj4e-6aaf983caec5ebff8086527dc779b981 av_one_third flex_column_div av-zero-column-padding  '     ><section  class='av_textblock_section av-j2yc-bc40b8eee125ae96ec9c0440bf1d3015 '   itemscope=\"itemscope\" itemtype=\"https:\/\/schema.org\/CreativeWork\" ><div class='avia_textblock'  itemprop=\"text\" ><h3>Int\u00e9ressant<\/h3>\n<\/div><\/section><br \/>\n\n<style type=\"text\/css\" data-created_by=\"avia_inline_auto\" id=\"style-css-av-ffk2-cdef092e052f9b6be0fc5dd8e5b7c4fa\">\n.avia-image-container.av-ffk2-cdef092e052f9b6be0fc5dd8e5b7c4fa img.avia_image{\nbox-shadow:none;\n}\n.avia-image-container.av-ffk2-cdef092e052f9b6be0fc5dd8e5b7c4fa .av-image-caption-overlay-center{\ncolor:#ffffff;\n}\n<\/style>\n<div  class='avia-image-container av-ffk2-cdef092e052f9b6be0fc5dd8e5b7c4fa av-styling- avia-align-'   itemprop=\"image\" itemscope=\"itemscope\" itemtype=\"https:\/\/schema.org\/ImageObject\" ><div class=\"avia-image-container-inner\"><div class=\"avia-image-overlay-wrap\"><img decoding=\"async\" fetchpriority=\"high\" class='wp-image-1128 avia-img-lazy-loading-not-1128 avia_image ' src=\"https:\/\/www.espacebielbienne.ch\/wp-content\/uploads\/Espace_Wissenswertes.jpg\" alt='' title='Magnifying glass on antique anatomy book: Trachea, bronchi and lungs'  height=\"600\" width=\"900\"  itemprop=\"thumbnailUrl\" srcset=\"https:\/\/www.espacebielbienne.ch\/wp-content\/uploads\/Espace_Wissenswertes.jpg 900w, https:\/\/www.espacebielbienne.ch\/wp-content\/uploads\/Espace_Wissenswertes-400x267.jpg 400w, https:\/\/www.espacebielbienne.ch\/wp-content\/uploads\/Espace_Wissenswertes-768x512.jpg 768w, https:\/\/www.espacebielbienne.ch\/wp-content\/uploads\/Espace_Wissenswertes-60x40.jpg 60w, https:\/\/www.espacebielbienne.ch\/wp-content\/uploads\/Espace_Wissenswertes-705x470.jpg 705w, https:\/\/www.espacebielbienne.ch\/wp-content\/uploads\/Espace_Wissenswertes-450x300.jpg 450w, https:\/\/www.espacebielbienne.ch\/wp-content\/uploads\/Espace_Wissenswertes-45x30.jpg 45w\" sizes=\"(max-width: 900px) 100vw, 900px\" \/><\/div><\/div><\/div><br \/>\n<section  class='av_textblock_section av-eyz4-af5b519d1c36e6de04541757d69f0a0f '   itemscope=\"itemscope\" itemtype=\"https:\/\/schema.org\/CreativeWork\" ><div class='avia_textblock'  itemprop=\"text\" ><p><strong>Documents int\u00e9ressants<\/strong><br \/>\nSi vous vous int\u00e9ressez \u00e0 la m\u00e9decine du poumon et du sommeil et souhaitez en savoir plus \u00e0 ce sujet, vous pouvez consulter les brochures d&#8217;information et les questionnaires ici. Vous y trouverez \u00e9galement des nouvelles int\u00e9ressantes et pertinentes du monde de la pneumologie ainsi que nos publications.\u00a0 <a href=\"https:\/\/www.espacebielbienne.ch\/fr\/offre\/#interessant\">plus d`infos<\/a><\/p>\n<p><strong>Liens &#8220;Nice to know&#8221;<\/strong><br \/>\nVous trouverez ici plus d&#8217;informations sur les partenaires avec lesquels nous travaillons et des liens vers des th\u00e9rapies. <a href=\"https:\/\/www.espacebielbienne.ch\/fr\/offre\/#interessant\">plus d`infos<\/a><\/p>\n<\/div><\/section><\/p><\/div>\n\n<style type=\"text\/css\" data-created_by=\"avia_inline_auto\" id=\"style-css-av-bias-7cd4bd000417e52570f1f08f120b65b2\">\n.flex_column.av-bias-7cd4bd000417e52570f1f08f120b65b2{\nborder-radius:0px 0px 0px 0px;\npadding:0px 0px 0px 0px;\n}\n<\/style>\n<div  class='flex_column av-bias-7cd4bd000417e52570f1f08f120b65b2 av_one_third flex_column_div av-zero-column-padding  '     ><section  class='av_textblock_section av-ae4o-cf80773c841e55706064c518a36149b6 '   itemscope=\"itemscope\" itemtype=\"https:\/\/schema.org\/CreativeWork\" ><div class='avia_textblock'  itemprop=\"text\" ><h3>Contact<\/h3>\n<\/div><\/section><br \/>\n\n<style type=\"text\/css\" data-created_by=\"avia_inline_auto\" id=\"style-css-av-qaq-06620937275629d060ef2102a48148ab\">\n.avia-image-container.av-qaq-06620937275629d060ef2102a48148ab img.avia_image{\nbox-shadow:none;\n}\n.avia-image-container.av-qaq-06620937275629d060ef2102a48148ab .av-image-caption-overlay-center{\ncolor:#ffffff;\n}\n<\/style>\n<div  class='avia-image-container av-qaq-06620937275629d060ef2102a48148ab av-styling- avia-align-'   itemprop=\"image\" itemscope=\"itemscope\" itemtype=\"https:\/\/schema.org\/ImageObject\" ><div class=\"avia-image-container-inner\"><div class=\"avia-image-overlay-wrap\"><img decoding=\"async\" fetchpriority=\"high\" class='wp-image-1120 avia-img-lazy-loading-not-1120 avia_image ' src=\"https:\/\/www.espacebielbienne.ch\/wp-content\/uploads\/Espace_Kontakt.jpg\" alt='' title='Espace_Kontakt'  height=\"600\" width=\"900\"  itemprop=\"thumbnailUrl\" srcset=\"https:\/\/www.espacebielbienne.ch\/wp-content\/uploads\/Espace_Kontakt.jpg 900w, https:\/\/www.espacebielbienne.ch\/wp-content\/uploads\/Espace_Kontakt-400x267.jpg 400w, https:\/\/www.espacebielbienne.ch\/wp-content\/uploads\/Espace_Kontakt-768x512.jpg 768w, https:\/\/www.espacebielbienne.ch\/wp-content\/uploads\/Espace_Kontakt-60x40.jpg 60w, https:\/\/www.espacebielbienne.ch\/wp-content\/uploads\/Espace_Kontakt-705x470.jpg 705w, https:\/\/www.espacebielbienne.ch\/wp-content\/uploads\/Espace_Kontakt-450x300.jpg 450w, https:\/\/www.espacebielbienne.ch\/wp-content\/uploads\/Espace_Kontakt-45x30.jpg 45w\" sizes=\"(max-width: 900px) 100vw, 900px\" \/><\/div><\/div><\/div><br \/>\n<section  class='av_textblock_section av-4j5e-1af61524e3969065896ab455b1b9b0f7 '   itemscope=\"itemscope\" itemtype=\"https:\/\/schema.org\/CreativeWork\" ><div class='avia_textblock'  itemprop=\"text\" ><p>Rue de la gare 54<br \/>\n2502 Bienne<\/p>\n<p><a href=\"https:\/\/www.espacebielbienne.ch\/contact\">Situation \/ Navigation<\/a><\/p>\n<p><span class=\"span-fixed-width\">T<\/span><a href=\"tel:+41323236003\">+41 32 323 60 03<\/a><br \/>\n<a href=\"m&#97;&#105;&#x6c;&#x74;o&#58;&#105;&#x6e;&#x66;&#x6f;&#64;&#101;&#115;&#x70;&#x61;ce&#98;&#x69;&#x65;&#x6c;b&#105;&#101;&#x6e;&#x6e;e&#46;&#99;&#x68;\">&#105;&#x6e;&#102;&#x6f;&#64;&#x65;&#115;&#x70;&#97;&#x63;&#101;&#x62;&#105;&#x65;&#108;&#x62;&#105;&#x65;&#110;&#x6e;&#101;&#x2e;&#99;&#x68;<\/a><\/p>\n<\/div><\/section><\/p><\/div>\n","protected":false},"excerpt":{"rendered":"","protected":false},"author":1,"featured_media":0,"parent":0,"menu_order":1,"comment_status":"closed","ping_status":"closed","template":"","meta":{"footnotes":""},"class_list":["post-519","page","type-page","status-publish","hentry"],"yoast_head":"<!-- This site is optimized with the Yoast SEO plugin v24.4 - https:\/\/yoast.com\/wordpress\/plugins\/seo\/ -->\n<title>Espace Lungen- und Schlafmedizin &#8211; Biel\/Bienne<\/title>\n<meta name=\"description\" content=\"Nous sommes un cabinet de pneumologie de groupe \u00e0 Bienne, o\u00f9 toutes les maladies pulmonaires et les troubles du sommeil sont clarifi\u00e9s et trait\u00e9s avec comp\u00e9tence. Nous, le Dr Urs Aebi et le Dr Lukas Graf ainsi que toute l\u2019\u00e9quipe se r\u00e9jouissent de votre visite.\" \/>\n<meta name=\"robots\" content=\"index, follow, max-snippet:-1, max-image-preview:large, max-video-preview:-1\" \/>\n<link rel=\"canonical\" href=\"https:\/\/www.espacebielbienne.ch\/fr\/page-daccueil\/\" \/>\n<meta property=\"og:locale\" content=\"fr_FR\" \/>\n<meta property=\"og:type\" content=\"article\" \/>\n<meta property=\"og:title\" content=\"Espace Lungen- und Schlafmedizin &#8211; Biel\/Bienne\" \/>\n<meta property=\"og:description\" content=\"Nous sommes un cabinet de pneumologie de groupe \u00e0 Bienne, o\u00f9 toutes les maladies pulmonaires et les troubles du sommeil sont clarifi\u00e9s et trait\u00e9s avec comp\u00e9tence. Nous, le Dr Urs Aebi et le Dr Lukas Graf ainsi que toute l\u2019\u00e9quipe se r\u00e9jouissent de votre visite.\" \/>\n<meta property=\"og:url\" content=\"https:\/\/www.espacebielbienne.ch\/fr\/page-daccueil\/\" \/>\n<meta property=\"og:site_name\" content=\"Espace Lungen- und Schlafmedizin\" \/>\n<meta property=\"article:modified_time\" content=\"2023-10-03T17:43:35+00:00\" \/>\n<meta name=\"twitter:card\" content=\"summary_large_image\" \/>\n<meta name=\"twitter:label1\" content=\"Dur\u00e9e de lecture estim\u00e9e\" \/>\n\t<meta name=\"twitter:data1\" content=\"9 minutes\" \/>\n<script type=\"application\/ld+json\" class=\"yoast-schema-graph\">{\"@context\":\"https:\/\/schema.org\",\"@graph\":[{\"@type\":\"WebPage\",\"@id\":\"https:\/\/www.espacebielbienne.ch\/fr\/page-daccueil\/\",\"url\":\"https:\/\/www.espacebielbienne.ch\/fr\/page-daccueil\/\",\"name\":\"Espace Lungen- und Schlafmedizin &#8211; Biel\/Bienne\",\"isPartOf\":{\"@id\":\"https:\/\/www.espacebielbienne.ch\/#website\"},\"datePublished\":\"2018-03-30T10:17:57+00:00\",\"dateModified\":\"2023-10-03T17:43:35+00:00\",\"description\":\"Nous sommes un cabinet de pneumologie de groupe \u00e0 Bienne, o\u00f9 toutes les maladies pulmonaires et les troubles du sommeil sont clarifi\u00e9s et trait\u00e9s avec comp\u00e9tence. Nous, le Dr Urs Aebi et le Dr Lukas Graf ainsi que toute l\u2019\u00e9quipe se r\u00e9jouissent de votre visite.\",\"breadcrumb\":{\"@id\":\"https:\/\/www.espacebielbienne.ch\/fr\/page-daccueil\/#breadcrumb\"},\"inLanguage\":\"fr-FR\",\"potentialAction\":[{\"@type\":\"ReadAction\",\"target\":[\"https:\/\/www.espacebielbienne.ch\/fr\/page-daccueil\/\"]}]},{\"@type\":\"BreadcrumbList\",\"@id\":\"https:\/\/www.espacebielbienne.ch\/fr\/page-daccueil\/#breadcrumb\",\"itemListElement\":[{\"@type\":\"ListItem\",\"position\":1,\"name\":\"Home\",\"item\":\"https:\/\/www.espacebielbienne.ch\/fr\/page-daccueil\/\"},{\"@type\":\"ListItem\",\"position\":2,\"name\":\"Page d&#8217;Accueil\"}]},{\"@type\":\"WebSite\",\"@id\":\"https:\/\/www.espacebielbienne.ch\/#website\",\"url\":\"https:\/\/www.espacebielbienne.ch\/\",\"name\":\"Espace Lungen- und Schlafmedizin\",\"description\":\"Lungen- und Schlafmedizin\",\"publisher\":{\"@id\":\"https:\/\/www.espacebielbienne.ch\/#organization\"},\"potentialAction\":[{\"@type\":\"SearchAction\",\"target\":{\"@type\":\"EntryPoint\",\"urlTemplate\":\"https:\/\/www.espacebielbienne.ch\/?s={search_term_string}\"},\"query-input\":{\"@type\":\"PropertyValueSpecification\",\"valueRequired\":true,\"valueName\":\"search_term_string\"}}],\"inLanguage\":\"fr-FR\"},{\"@type\":\"Organization\",\"@id\":\"https:\/\/www.espacebielbienne.ch\/#organization\",\"name\":\"Espace Lungen- und Schlafmedizin\",\"url\":\"https:\/\/www.espacebielbienne.ch\/\",\"logo\":{\"@type\":\"ImageObject\",\"inLanguage\":\"fr-FR\",\"@id\":\"https:\/\/www.espacebielbienne.ch\/#\/schema\/logo\/image\/\",\"url\":\"https:\/\/www.espacebielbienne.ch\/wp-content\/uploads\/espace_logo_560x250.png\",\"contentUrl\":\"https:\/\/www.espacebielbienne.ch\/wp-content\/uploads\/espace_logo_560x250.png\",\"width\":560,\"height\":250,\"caption\":\"Espace Lungen- und Schlafmedizin\"},\"image\":{\"@id\":\"https:\/\/www.espacebielbienne.ch\/#\/schema\/logo\/image\/\"}}]}<\/script>\n<!-- \/ Yoast SEO plugin. -->","yoast_head_json":{"title":"Espace Lungen- und Schlafmedizin &#8211; Biel\/Bienne","description":"Nous sommes un cabinet de pneumologie de groupe \u00e0 Bienne, o\u00f9 toutes les maladies pulmonaires et les troubles du sommeil sont clarifi\u00e9s et trait\u00e9s avec comp\u00e9tence. Nous, le Dr Urs Aebi et le Dr Lukas Graf ainsi que toute l\u2019\u00e9quipe se r\u00e9jouissent de votre visite.","robots":{"index":"index","follow":"follow","max-snippet":"max-snippet:-1","max-image-preview":"max-image-preview:large","max-video-preview":"max-video-preview:-1"},"canonical":"https:\/\/www.espacebielbienne.ch\/fr\/page-daccueil\/","og_locale":"fr_FR","og_type":"article","og_title":"Espace Lungen- und Schlafmedizin &#8211; Biel\/Bienne","og_description":"Nous sommes un cabinet de pneumologie de groupe \u00e0 Bienne, o\u00f9 toutes les maladies pulmonaires et les troubles du sommeil sont clarifi\u00e9s et trait\u00e9s avec comp\u00e9tence. Nous, le Dr Urs Aebi et le Dr Lukas Graf ainsi que toute l\u2019\u00e9quipe se r\u00e9jouissent de votre visite.","og_url":"https:\/\/www.espacebielbienne.ch\/fr\/page-daccueil\/","og_site_name":"Espace Lungen- und Schlafmedizin","article_modified_time":"2023-10-03T17:43:35+00:00","twitter_card":"summary_large_image","twitter_misc":{"Dur\u00e9e de lecture estim\u00e9e":"9 minutes"},"schema":{"@context":"https:\/\/schema.org","@graph":[{"@type":"WebPage","@id":"https:\/\/www.espacebielbienne.ch\/fr\/page-daccueil\/","url":"https:\/\/www.espacebielbienne.ch\/fr\/page-daccueil\/","name":"Espace Lungen- und Schlafmedizin &#8211; Biel\/Bienne","isPartOf":{"@id":"https:\/\/www.espacebielbienne.ch\/#website"},"datePublished":"2018-03-30T10:17:57+00:00","dateModified":"2023-10-03T17:43:35+00:00","description":"Nous sommes un cabinet de pneumologie de groupe \u00e0 Bienne, o\u00f9 toutes les maladies pulmonaires et les troubles du sommeil sont clarifi\u00e9s et trait\u00e9s avec comp\u00e9tence. Nous, le Dr Urs Aebi et le Dr Lukas Graf ainsi que toute l\u2019\u00e9quipe se r\u00e9jouissent de votre visite.","breadcrumb":{"@id":"https:\/\/www.espacebielbienne.ch\/fr\/page-daccueil\/#breadcrumb"},"inLanguage":"fr-FR","potentialAction":[{"@type":"ReadAction","target":["https:\/\/www.espacebielbienne.ch\/fr\/page-daccueil\/"]}]},{"@type":"BreadcrumbList","@id":"https:\/\/www.espacebielbienne.ch\/fr\/page-daccueil\/#breadcrumb","itemListElement":[{"@type":"ListItem","position":1,"name":"Home","item":"https:\/\/www.espacebielbienne.ch\/fr\/page-daccueil\/"},{"@type":"ListItem","position":2,"name":"Page d&#8217;Accueil"}]},{"@type":"WebSite","@id":"https:\/\/www.espacebielbienne.ch\/#website","url":"https:\/\/www.espacebielbienne.ch\/","name":"Espace Lungen- und Schlafmedizin","description":"Lungen- und Schlafmedizin","publisher":{"@id":"https:\/\/www.espacebielbienne.ch\/#organization"},"potentialAction":[{"@type":"SearchAction","target":{"@type":"EntryPoint","urlTemplate":"https:\/\/www.espacebielbienne.ch\/?s={search_term_string}"},"query-input":{"@type":"PropertyValueSpecification","valueRequired":true,"valueName":"search_term_string"}}],"inLanguage":"fr-FR"},{"@type":"Organization","@id":"https:\/\/www.espacebielbienne.ch\/#organization","name":"Espace Lungen- und Schlafmedizin","url":"https:\/\/www.espacebielbienne.ch\/","logo":{"@type":"ImageObject","inLanguage":"fr-FR","@id":"https:\/\/www.espacebielbienne.ch\/#\/schema\/logo\/image\/","url":"https:\/\/www.espacebielbienne.ch\/wp-content\/uploads\/espace_logo_560x250.png","contentUrl":"https:\/\/www.espacebielbienne.ch\/wp-content\/uploads\/espace_logo_560x250.png","width":560,"height":250,"caption":"Espace Lungen- und Schlafmedizin"},"image":{"@id":"https:\/\/www.espacebielbienne.ch\/#\/schema\/logo\/image\/"}}]}},"publishpress_future_workflow_manual_trigger":{"enabledWorkflows":[]},"_links":{"self":[{"href":"https:\/\/www.espacebielbienne.ch\/fr\/wp-json\/wp\/v2\/pages\/519","targetHints":{"allow":["GET"]}}],"collection":[{"href":"https:\/\/www.espacebielbienne.ch\/fr\/wp-json\/wp\/v2\/pages"}],"about":[{"href":"https:\/\/www.espacebielbienne.ch\/fr\/wp-json\/wp\/v2\/types\/page"}],"author":[{"embeddable":true,"href":"https:\/\/www.espacebielbienne.ch\/fr\/wp-json\/wp\/v2\/users\/1"}],"replies":[{"embeddable":true,"href":"https:\/\/www.espacebielbienne.ch\/fr\/wp-json\/wp\/v2\/comments?post=519"}],"version-history":[{"count":61,"href":"https:\/\/www.espacebielbienne.ch\/fr\/wp-json\/wp\/v2\/pages\/519\/revisions"}],"predecessor-version":[{"id":1552,"href":"https:\/\/www.espacebielbienne.ch\/fr\/wp-json\/wp\/v2\/pages\/519\/revisions\/1552"}],"wp:attachment":[{"href":"https:\/\/www.espacebielbienne.ch\/fr\/wp-json\/wp\/v2\/media?parent=519"}],"curies":[{"name":"wp","href":"https:\/\/api.w.org\/{rel}","templated":true}]}}